{"id":187,"date":"2015-03-05T17:03:59","date_gmt":"2015-03-05T16:03:59","guid":{"rendered":"http:\/\/waeller-vom-birkenhain.de\/?page_id=187"},"modified":"2015-03-20T10:29:12","modified_gmt":"2015-03-20T09:29:12","slug":"ueber-uns","status":"publish","type":"page","link":"https:\/\/waeller-vom-birkenhain.de\/?page_id=187","title":{"rendered":"\u00dcber uns"},"content":{"rendered":"<p>Wir sind eine sechsk\u00f6pfige Familie aus dem westf\u00e4lischen Hagen. Tiere begleiten uns schon unser ganzes Leben , vor allem Hunde waren schon immer ein fester und wichtiger Bestandteil unseres Lebens<\/p>\n<p>Ich habe meinen ersten Hund im Alter von 9 Jahren bekommen, mit 13 Jahren habe ich mit dem Hundesport angefangen und seit dieser Zeit habe ich den Wunsch auch einmal selbst Hunde zu z\u00fcchten<\/p>\n<p>Diese Idee konnte ich dann viele Jahre sp\u00e4ter, nach Ausbildung, Job und Kindern, in die Tat umsetzen. Der richtige Hund daf\u00fcr war nach langem Suchen gefunden.<\/p>\n<p>Es sollte ein W\u00e4ller sein, schon beim ersten Kontakt mit diesen Hunden war ich begeistert und die Zuchtidee von Karin Wimmer \u2013 Kieckbusch entsprach genau meiner Vorstellung<\/p>\n<p>Also zog im Jahr 2009 unsere kleine\u00a0 Zottelmaus Jill vom Dallenberg bei uns ein und bereichert seitdem unser Leben.<\/p>\n<p>Ich bin seit 2009 Mitglied im 1. W\u00e4llerclub Deutschland und die kompetente und engagierte Arbeit dieses Vereins hat mich sehr schnell \u00fcberzeugt, dort auch mitarbeiten zu wollen.<\/p>\n<p>Ich bin mittlerweile als Beisitzer im Vorstand und bei Zuchtzulassungen und Wurfabnahmen t\u00e4tig.<\/p>\n<p>Auch zum Hundesport bin ich wieder zur\u00fcckgekehrt, netterweise in den Verein, in dem ich schon als Kind aktiv war.<\/p>\n<p>Ich betreibe mit Jill dort die Sportart Obedience, was uns beiden sehr viel Freude bereitet &#8211;<\/p>\n<p><a href=\"http:\/\/waeller-vom-birkenhain.de\/wp-content\/uploads\/2015\/03\/ueberuns1.jpg\"><img loading=\"lazy\" decoding=\"async\" class=\" size-medium wp-image-188 alignleft\" src=\"http:\/\/waeller-vom-birkenhain.de\/wp-content\/uploads\/2015\/03\/ueberuns1-300x199.jpg\" alt=\"ueberuns1\" width=\"300\" height=\"199\" srcset=\"https:\/\/waeller-vom-birkenhain.de\/wp-content\/uploads\/2015\/03\/ueberuns1-300x199.jpg 300w, https:\/\/waeller-vom-birkenhain.de\/wp-content\/uploads\/2015\/03\/ueberuns1-1024x680.jpg 1024w\" sizes=\"auto, (max-width: 300px) 100vw, 300px\" \/><\/a> <a href=\"http:\/\/waeller-vom-birkenhain.de\/wp-content\/uploads\/2015\/03\/ueberuns2.jpg\"><img loading=\"lazy\" decoding=\"async\" class=\" size-medium wp-image-189 alignnone\" src=\"http:\/\/waeller-vom-birkenhain.de\/wp-content\/uploads\/2015\/03\/ueberuns2-201x300.jpg\" alt=\"ueberuns2\" width=\"201\" height=\"300\" srcset=\"https:\/\/waeller-vom-birkenhain.de\/wp-content\/uploads\/2015\/03\/ueberuns2-201x300.jpg 201w, https:\/\/waeller-vom-birkenhain.de\/wp-content\/uploads\/2015\/03\/ueberuns2-685x1024.jpg 685w\" sizes=\"auto, (max-width: 201px) 100vw, 201px\" \/><\/a><\/p>\n<p>Mein Motto:\u00a0Ein Leben ohne Hund ist m\u00f6glich \u2013 aber sinnlos<\/p>\n","protected":false},"excerpt":{"rendered":"<p>Wir sind eine sechsk\u00f6pfige Familie aus dem westf\u00e4lischen Hagen. Tiere begleiten uns schon unser ganzes Leben , vor allem Hunde waren schon immer ein fester und wichtiger Bestandteil unseres Lebens Ich habe meinen ersten Hund im Alter von 9 Jahren bekommen, mit 13 Jahren habe ich mit dem Hundesport angefangen und seit dieser Zeit habe &hellip; <a href=\"https:\/\/waeller-vom-birkenhain.de\/?page_id=187\" class=\"more-link\"><span class=\"screen-reader-text\">\u00dcber uns<\/span> weiterlesen<\/a><\/p>\n","protected":false},"author":1,"featured_media":0,"parent":0,"menu_order":0,"comment_status":"closed","ping_status":"open","template":"","meta":{"footnotes":""},"class_list":["post-187","page","type-page","status-publish","hentry"],"_links":{"self":[{"href":"https:\/\/waeller-vom-birkenhain.de\/index.php?rest_route=\/wp\/v2\/pages\/187","targetHints":{"allow":["GET"]}}],"collection":[{"href":"https:\/\/waeller-vom-birkenhain.de\/index.php?rest_route=\/wp\/v2\/pages"}],"about":[{"href":"https:\/\/waeller-vom-birkenhain.de\/index.php?rest_route=\/wp\/v2\/types\/page"}],"author":[{"embeddable":true,"href":"https:\/\/waeller-vom-birkenhain.de\/index.php?rest_route=\/wp\/v2\/users\/1"}],"replies":[{"embeddable":true,"href":"https:\/\/waeller-vom-birkenhain.de\/index.php?rest_route=%2Fwp%2Fv2%2Fcomments&post=187"}],"version-history":[{"count":6,"href":"https:\/\/waeller-vom-birkenhain.de\/index.php?rest_route=\/wp\/v2\/pages\/187\/revisions"}],"predecessor-version":[{"id":228,"href":"https:\/\/waeller-vom-birkenhain.de\/index.php?rest_route=\/wp\/v2\/pages\/187\/revisions\/228"}],"wp:attachment":[{"href":"https:\/\/waeller-vom-birkenhain.de\/index.php?rest_route=%2Fwp%2Fv2%2Fmedia&parent=187"}],"curies":[{"name":"wp","href":"https:\/\/api.w.org\/{rel}","templated":true}]}}